{"id":25342,"date":"2026-04-23T16:17:31","date_gmt":"2026-04-23T14:17:31","guid":{"rendered":"https:\/\/verket.se\/?page_id=25342"},"modified":"2026-04-27T11:17:18","modified_gmt":"2026-04-27T09:17:18","slug":"skolvisningar","status":"publish","type":"page","link":"https:\/\/verket.se\/svenska\/skolvisningar\/","title":{"rendered":"Skolvisningar"},"content":{"rendered":"\t\t<div data-elementor-type=\"wp-page\" data-elementor-id=\"25342\" class=\"elementor elementor-25342\" data-elementor-post-type=\"page\">\n\t\t\t\t\t\t<section class=\"elementor-section elementor-top-section elementor-element elementor-element-464e251 elementor-section-boxed elementor-section-height-default elementor-section-height-default\" data-id=\"464e251\" data-element_type=\"section\" data-e-type=\"section\">\n\t\t\t\t\t\t<div class=\"elementor-container elementor-column-gap-default\">\n\t\t\t\t\t<div class=\"elementor-column elementor-col-100 elementor-top-column elementor-element elementor-element-34ef89d\" data-id=\"34ef89d\" data-element_type=\"column\" data-e-type=\"column\">\n\t\t\t<div class=\"elementor-widget-wrap elementor-element-populated\">\n\t\t\t\t\t\t<div class=\"elementor-element elementor-element-caf08b3 elementor-widget elementor-widget-spacer\" data-id=\"caf08b3\" data-element_type=\"widget\" data-e-type=\"widget\" data-widget_type=\"spacer.default\">\n\t\t\t\t<div class=\"elementor-widget-container\">\n\t\t\t\t\t\t\t<div class=\"elementor-spacer\">\n\t\t\t<div class=\"elementor-spacer-inner\"><\/div>\n\t\t<\/div>\n\t\t\t\t\t\t<\/div>\n\t\t\t\t<\/div>\n\t\t\t\t<div class=\"elementor-element elementor-element-8a65629 elementor-widget elementor-widget-heading\" data-id=\"8a65629\" data-element_type=\"widget\" data-e-type=\"widget\" data-widget_type=\"heading.default\">\n\t\t\t\t<div class=\"elementor-widget-container\">\n\t\t\t\t\t<h2 class=\"elementor-heading-title elementor-size-default\">Skolvisningar<\/h2>\t\t\t\t<\/div>\n\t\t\t\t<\/div>\n\t\t\t\t<div class=\"elementor-element elementor-element-2fd6dbb elementor-widget elementor-widget-heading\" data-id=\"2fd6dbb\" data-element_type=\"widget\" data-e-type=\"widget\" data-widget_type=\"heading.default\">\n\t\t\t\t<div class=\"elementor-widget-container\">\n\t\t\t\t\t<h2 class=\"elementor-heading-title elementor-size-default\">Konst som en del av l\u00e4randet? Ja absolut!<\/h2>\t\t\t\t<\/div>\n\t\t\t\t<\/div>\n\t\t\t\t<div class=\"elementor-element elementor-element-ea1a82f elementor-widget elementor-widget-text-editor\" data-id=\"ea1a82f\" data-element_type=\"widget\" data-e-type=\"widget\" data-widget_type=\"text-editor.default\">\n\t\t\t\t<div class=\"elementor-widget-container\">\n\t\t\t\t\t\t\t\t\t<h5><span style=\"color: #000000;\">Nu \u00f6ppnar inbokningen f\u00f6r elevvisningar inom kulturgarantin. F\u00f6rst till kvarn!<\/span><\/h5><h5><span style=\"color: #000000;\">P\u00e5 Verket tycker vi att konst \u00e4r en viktig del av l\u00e4rande och utveckling. <span style=\"color: #ff0000;\">\u00a0<\/span><\/span><\/h5>\t\t\t\t\t\t\t\t<\/div>\n\t\t\t\t<\/div>\n\t\t\t\t<div class=\"elementor-element elementor-element-502d6d6 elementor-align-left elementor-widget elementor-widget-button\" data-id=\"502d6d6\" data-element_type=\"widget\" data-e-type=\"widget\" data-widget_type=\"button.default\">\n\t\t\t\t<div class=\"elementor-widget-container\">\n\t\t\t\t\t\t\t\t\t<div class=\"elementor-button-wrapper\">\n\t\t\t\t\t<a class=\"elementor-button elementor-button-link elementor-size-sm elementor-animation-grow\" href=\"mailto:verket@avesta.se\">\n\t\t\t\t\t\t<span class=\"elementor-button-content-wrapper\">\n\t\t\t\t\t\t<span class=\"elementor-button-icon\">\n\t\t\t\t<i aria-hidden=\"true\" class=\"fas fa-long-arrow-alt-right\"><\/i>\t\t\t<\/span>\n\t\t\t\t\t\t\t\t\t<span class=\"elementor-button-text\">Boka h\u00e4r<\/span>\n\t\t\t\t\t<\/span>\n\t\t\t\t\t<\/a>\n\t\t\t\t<\/div>\n\t\t\t\t\t\t\t\t<\/div>\n\t\t\t\t<\/div>\n\t\t\t\t<div class=\"elementor-element elementor-element-5fb4c07 elementor-widget elementor-widget-heading\" data-id=\"5fb4c07\" data-element_type=\"widget\" data-e-type=\"widget\" data-widget_type=\"heading.default\">\n\t\t\t\t<div class=\"elementor-widget-container\">\n\t\t\t\t\t<h2 class=\"elementor-heading-title elementor-size-default\">Verket presenterar \u00e5rets Avesta Art<\/h2>\t\t\t\t<\/div>\n\t\t\t\t<\/div>\n\t\t\t\t<div class=\"elementor-element elementor-element-13c5f62 elementor-widget elementor-widget-heading\" data-id=\"13c5f62\" data-element_type=\"widget\" data-e-type=\"widget\" data-widget_type=\"heading.default\">\n\t\t\t\t<div class=\"elementor-widget-container\">\n\t\t\t\t\t<h2 class=\"elementor-heading-title elementor-size-default\">Earthly Bodies Born of Love<\/h2>\t\t\t\t<\/div>\n\t\t\t\t<\/div>\n\t\t\t\t<section class=\"elementor-section elementor-inner-section elementor-element elementor-element-bb762e8 elementor-section-boxed elementor-section-height-default elementor-section-height-default\" data-id=\"bb762e8\" data-element_type=\"section\" data-e-type=\"section\">\n\t\t\t\t\t\t<div class=\"elementor-container elementor-column-gap-default\">\n\t\t\t\t\t<div class=\"elementor-column elementor-col-50 elementor-inner-column elementor-element elementor-element-3f73e8b\" data-id=\"3f73e8b\" data-element_type=\"column\" data-e-type=\"column\">\n\t\t\t<div class=\"elementor-widget-wrap elementor-element-populated\">\n\t\t\t\t\t\t<div class=\"elementor-element elementor-element-52cb9a6 elementor-widget elementor-widget-text-editor\" data-id=\"52cb9a6\" data-element_type=\"widget\" data-e-type=\"widget\" data-widget_type=\"text-editor.default\">\n\t\t\t\t<div class=\"elementor-widget-container\">\n\t\t\t\t\t\t\t\t\t<p><span style=\"color: #000000;\">I utst\u00e4llningen kopplar \u00e5tta internationella och svenska konstn\u00e4rer samman Avestas industriella f\u00f6rflutna med dagens digitala system. Verken str\u00e4cker sig fr\u00e5n installationer och ljud till datorspel och r\u00f6rlig bild och visar hur samtidens produktionss\u00e4tt och vardagsliv formar v\u00e4rlden omkring oss.<\/span><\/p><p><span style=\"color: #000000;\">Medverkande Konstn\u00e4rer: Alice Bucknell (USA), Diana Orving (SE), Lundahl &amp; Seitl (SE), Oleksandr Kutovyi (UA\/IT), Selma Selman (BA), Theresa Tradore Dahlberg (SE) &amp; Tuomas A. Laitinen (FI). Curatorer: Karolina Aastrup och Sona Stepanyan<\/span><\/p>\t\t\t\t\t\t\t\t<\/div>\n\t\t\t\t<\/div>\n\t\t\t\t<div class=\"elementor-element elementor-element-858494a elementor-widget elementor-widget-text-editor\" data-id=\"858494a\" data-element_type=\"widget\" data-e-type=\"widget\" data-widget_type=\"text-editor.default\">\n\t\t\t\t<div class=\"elementor-widget-container\">\n\t\t\t\t\t\t\t\t\t<p><span style=\"color: #000000;\"><strong>Mer information om Avesta Kommuns kulturgaranti: <span style=\"color: #0000ff;\"><a style=\"color: #0000ff;\" href=\"https:\/\/avesta.se\/gora-och-uppleva\/kultur\/kultur-i-skolan\/\">Kultur i skolan<\/a><\/span><\/strong><\/span><\/p><p><span style=\"color: #000000;\">Tider tillg\u00e4ngliga: 09.15 &#8211; 10.15 och 11.00 &#8211; 12.00 samt 13.30 &#8211; 14.30.<\/span><\/p><p><span style=\"color: #000000;\">25 maj &#8211; 10 juni: \u00c5k 5 och \u00e5k 2 gymnasiet<\/span><\/p><p><span style=\"color: #000000;\">17 Augusti &#8211; 7 september: \u00c5k 3 och \u00e5k 9<\/span><\/p><p><strong><span style=\"color: #000000;\">Bokningsvillkor:<\/span><\/strong><\/p><p><span style=\"color: #000000;\">Boka minst 5 dagar innan planerat bes\u00f6k.<\/span><\/p><p><span style=\"color: #000000;\">De skolor som uppfyller Avesta Kommuns best\u00e4mmelser kring<\/span> <span style=\"color: #0000ff;\"><a style=\"color: #0000ff;\" href=\"https:\/\/avesta.se\/barn-och-utbildning\/grundskola\/skolskjuts\/\">Skolskjuts<\/a><\/span><\/p><p><span style=\"color: #000000;\">Bokar sj\u00e4lva buss p\u00e5 id 84199.<\/span><\/p><p><span style=\"color: #000000;\">F\u00f6r fr\u00e5gor om lediga tider,\u00a0 bokning och priser: <span style=\"color: #0000ff;\"><a style=\"color: #0000ff;\" href=\"Mailto:verket@avesta.se\">verket@avesta.se <\/a><\/span><\/span><\/p><p><span style=\"color: #000000;\">Varmt v\u00e4lkomna!<\/span><\/p>\t\t\t\t\t\t\t\t<\/div>\n\t\t\t\t<\/div>\n\t\t\t\t<div class=\"elementor-element elementor-element-425430f elementor-align-left elementor-widget elementor-widget-button\" data-id=\"425430f\" data-element_type=\"widget\" data-e-type=\"widget\" data-widget_type=\"button.default\">\n\t\t\t\t<div class=\"elementor-widget-container\">\n\t\t\t\t\t\t\t\t\t<div class=\"elementor-button-wrapper\">\n\t\t\t\t\t<a class=\"elementor-button elementor-button-link elementor-size-sm elementor-animation-grow\" href=\"mailto:verket@avesta.se\">\n\t\t\t\t\t\t<span class=\"elementor-button-content-wrapper\">\n\t\t\t\t\t\t<span class=\"elementor-button-icon\">\n\t\t\t\t<i aria-hidden=\"true\" class=\"fas fa-long-arrow-alt-right\"><\/i>\t\t\t<\/span>\n\t\t\t\t\t\t\t\t\t<span class=\"elementor-button-text\">Boka h\u00e4r<\/span>\n\t\t\t\t\t<\/span>\n\t\t\t\t\t<\/a>\n\t\t\t\t<\/div>\n\t\t\t\t\t\t\t\t<\/div>\n\t\t\t\t<\/div>\n\t\t\t\t\t<\/div>\n\t\t<\/div>\n\t\t\t\t<div class=\"elementor-column elementor-col-50 elementor-inner-column elementor-element elementor-element-357f22b\" data-id=\"357f22b\" data-element_type=\"column\" data-e-type=\"column\">\n\t\t\t<div class=\"elementor-widget-wrap elementor-element-populated\">\n\t\t\t\t\t\t<div class=\"elementor-element elementor-element-9a05219 elementor-widget elementor-widget-image\" data-id=\"9a05219\" data-element_type=\"widget\" data-e-type=\"widget\" data-widget_type=\"image.default\">\n\t\t\t\t<div class=\"elementor-widget-container\">\n\t\t\t\t\t\t\t\t\t\t\t\t\t\t\t<img fetchpriority=\"high\" decoding=\"async\" width=\"768\" height=\"512\" src=\"https:\/\/verket.se\/wp-content\/uploads\/Alice-Bucknell-Small-Void-2025-Installationsbild-Copenhagen-Contemporary-2025-Photo-David-Stjernholm-768x512.jpg\" class=\"attachment-medium_large size-medium_large wp-image-25448\" alt=\"Alice Bucknell Small Void 2025 Installationsbild Copenhagen Contemporary, 2025 Photo David Stjernholm\" srcset=\"https:\/\/verket.se\/wp-content\/uploads\/Alice-Bucknell-Small-Void-2025-Installationsbild-Copenhagen-Contemporary-2025-Photo-David-Stjernholm-768x512.jpg 768w, https:\/\/verket.se\/wp-content\/uploads\/Alice-Bucknell-Small-Void-2025-Installationsbild-Copenhagen-Contemporary-2025-Photo-David-Stjernholm-300x200.jpg 300w, https:\/\/verket.se\/wp-content\/uploads\/Alice-Bucknell-Small-Void-2025-Installationsbild-Copenhagen-Contemporary-2025-Photo-David-Stjernholm-1024x683.jpg 1024w, https:\/\/verket.se\/wp-content\/uploads\/Alice-Bucknell-Small-Void-2025-Installationsbild-Copenhagen-Contemporary-2025-Photo-David-Stjernholm-1536x1024.jpg 1536w, https:\/\/verket.se\/wp-content\/uploads\/Alice-Bucknell-Small-Void-2025-Installationsbild-Copenhagen-Contemporary-2025-Photo-David-Stjernholm-2048x1365.jpg 2048w, https:\/\/verket.se\/wp-content\/uploads\/Alice-Bucknell-Small-Void-2025-Installationsbild-Copenhagen-Contemporary-2025-Photo-David-Stjernholm-18x12.jpg 18w\" sizes=\"(max-width: 768px) 100vw, 768px\" \/>\t\t\t\t\t\t\t\t\t\t\t\t\t\t\t<\/div>\n\t\t\t\t<\/div>\n\t\t\t\t<div class=\"elementor-element elementor-element-c760e2e elementor-widget elementor-widget-image\" data-id=\"c760e2e\" data-element_type=\"widget\" data-e-type=\"widget\" data-widget_type=\"image.default\">\n\t\t\t\t<div class=\"elementor-widget-container\">\n\t\t\t\t\t\t\t\t\t\t\t\t\t\t\t<img decoding=\"async\" width=\"768\" height=\"432\" src=\"https:\/\/verket.se\/wp-content\/uploads\/LundahlSeitl-768x432.jpeg\" class=\"attachment-medium_large size-medium_large wp-image-25463\" alt=\"Lundahl &amp; Seitl, River Biographies (workshop process). Foto: Clement Morin\" srcset=\"https:\/\/verket.se\/wp-content\/uploads\/LundahlSeitl-768x432.jpeg 768w, https:\/\/verket.se\/wp-content\/uploads\/LundahlSeitl-300x169.jpeg 300w, https:\/\/verket.se\/wp-content\/uploads\/LundahlSeitl-1024x576.jpeg 1024w, https:\/\/verket.se\/wp-content\/uploads\/LundahlSeitl-1536x864.jpeg 1536w, https:\/\/verket.se\/wp-content\/uploads\/LundahlSeitl-2048x1152.jpeg 2048w, https:\/\/verket.se\/wp-content\/uploads\/LundahlSeitl-18x10.jpeg 18w\" sizes=\"(max-width: 768px) 100vw, 768px\" \/>\t\t\t\t\t\t\t\t\t\t\t\t\t\t\t<\/div>\n\t\t\t\t<\/div>\n\t\t\t\t<div class=\"elementor-element elementor-element-b698764 elementor-widget elementor-widget-image\" data-id=\"b698764\" data-element_type=\"widget\" data-e-type=\"widget\" data-widget_type=\"image.default\">\n\t\t\t\t<div class=\"elementor-widget-container\">\n\t\t\t\t\t\t\t\t\t\t\t\t\t\t\t<img decoding=\"async\" width=\"768\" height=\"512\" src=\"https:\/\/verket.se\/wp-content\/uploads\/SelmaSelman-768x512.jpg\" class=\"attachment-medium_large size-medium_large wp-image-25535\" alt=\"Selma Selman, Motherboards, 2023\u2013present. Gropius Bau, Berlin, 2023. Foto: Eike Walkenhorst\" srcset=\"https:\/\/verket.se\/wp-content\/uploads\/SelmaSelman-768x512.jpg 768w, https:\/\/verket.se\/wp-content\/uploads\/SelmaSelman-300x200.jpg 300w, https:\/\/verket.se\/wp-content\/uploads\/SelmaSelman-1024x683.jpg 1024w, https:\/\/verket.se\/wp-content\/uploads\/SelmaSelman-1536x1024.jpg 1536w, https:\/\/verket.se\/wp-content\/uploads\/SelmaSelman-2048x1366.jpg 2048w, https:\/\/verket.se\/wp-content\/uploads\/SelmaSelman-18x12.jpg 18w\" sizes=\"(max-width: 768px) 100vw, 768px\" \/>\t\t\t\t\t\t\t\t\t\t\t\t\t\t\t<\/div>\n\t\t\t\t<\/div>\n\t\t\t\t\t<\/div>\n\t\t<\/div>\n\t\t\t\t\t<\/div>\n\t\t<\/section>\n\t\t\t\t\t<\/div>\n\t\t<\/div>\n\t\t\t\t\t<\/div>\n\t\t<\/section>\n\t\t\t\t<section class=\"elementor-section elementor-top-section elementor-element elementor-element-9d203b5 elementor-section-boxed elementor-section-height-default elementor-section-height-default\" data-id=\"9d203b5\" data-element_type=\"section\" data-e-type=\"section\">\n\t\t\t\t\t\t<div class=\"elementor-container elementor-column-gap-default\">\n\t\t\t\t\t<div class=\"elementor-column elementor-col-100 elementor-top-column elementor-element elementor-element-1e323d2\" data-id=\"1e323d2\" data-element_type=\"column\" data-e-type=\"column\">\n\t\t\t<div class=\"elementor-widget-wrap\">\n\t\t\t\t\t\t\t<\/div>\n\t\t<\/div>\n\t\t\t\t\t<\/div>\n\t\t<\/section>\n\t\t\t\t<\/div>\n\t\t","protected":false},"excerpt":{"rendered":"<p>Skolvisningar Konst som en del av l\u00e4randet? Ja absolut! Nu \u00f6ppnar inbokningen f\u00f6r elevvisningar inom kulturgarantin. F\u00f6rst till kvarn! P\u00e5 Verket tycker vi att konst \u00e4r en viktig del av l\u00e4rande och utveckling. \u00a0 Boka h\u00e4r Verket presenterar \u00e5rets Avesta Art Earthly Bodies Born of Love I utst\u00e4llningen kopplar \u00e5tta internationella och svenska konstn\u00e4rer samman [&hellip;]<\/p>\n","protected":false},"author":2,"featured_media":25435,"parent":0,"menu_order":0,"comment_status":"closed","ping_status":"closed","template":"","meta":{"site-sidebar-layout":"no-sidebar","site-content-layout":"page-builder","ast-site-content-layout":"full-width-container","site-content-style":"default","site-sidebar-style":"default","ast-global-header-display":"","ast-banner-title-visibility":"","ast-main-header-display":"","ast-hfb-above-header-display":"","ast-hfb-below-header-display":"","ast-hfb-mobile-header-display":"","site-post-title":"disabled","ast-breadcrumbs-content":"","ast-featured-img":"disabled","footer-sml-layout":"","ast-disable-related-posts":"","theme-transparent-header-meta":"","adv-header-id-meta":"","stick-header-meta":"","header-above-stick-meta":"","header-main-stick-meta":"","header-below-stick-meta":"","astra-migrate-meta-layouts":"set","ast-page-background-enabled":"default","ast-page-background-meta":{"desktop":{"background-color":"","background-image":"","background-repeat":"repeat","background-position":"center center","background-size":"auto","background-attachment":"scroll","background-type":"","background-media":"","overlay-type":"","overlay-color":"","overlay-opacity":"","overlay-gradient":""},"tablet":{"background-color":"","background-image":"","background-repeat":"repeat","background-position":"center center","background-size":"auto","background-attachment":"scroll","background-type":"","background-media":"","overlay-type":"","overlay-color":"","overlay-opacity":"","overlay-gradient":""},"mobile":{"background-color":"","background-image":"","background-repeat":"repeat","background-position":"center center","background-size":"auto","background-attachment":"scroll","background-type":"","background-media":"","overlay-type":"","overlay-color":"","overlay-opacity":"","overlay-gradient":""}},"ast-content-background-meta":{"desktop":{"background-color":"var(--ast-global-color-5)","background-image":"","background-repeat":"repeat","background-position":"center center","background-size":"auto","background-attachment":"scroll","background-type":"","background-media":"","overlay-type":"","overlay-color":"","overlay-opacity":"","overlay-gradient":""},"tablet":{"background-color":"var(--ast-global-color-5)","background-image":"","background-repeat":"repeat","background-position":"center center","background-size":"auto","background-attachment":"scroll","background-type":"","background-media":"","overlay-type":"","overlay-color":"","overlay-opacity":"","overlay-gradient":""},"mobile":{"background-color":"var(--ast-global-color-5)","background-image":"","background-repeat":"repeat","background-position":"center center","background-size":"auto","background-attachment":"scroll","background-type":"","background-media":"","overlay-type":"","overlay-color":"","overlay-opacity":"","overlay-gradient":""}},"footnotes":""},"class_list":["post-25342","page","type-page","status-publish","has-post-thumbnail","hentry"],"yoast_head":"<!-- This site is optimized with the Yoast SEO plugin v27.1 - https:\/\/yoast.com\/product\/yoast-seo-wordpress\/ -->\n<title>Skolvisningar Avesta Art 2026 | Verket<\/title>\n<meta name=\"description\" content=\"Skolvisningar - Konst som del av l\u00e4randet. P\u00e5 Verket tycker vi att konst \u00e4r en viktig del av l\u00e4rande och utveckling.\" \/>\n<meta name=\"robots\" content=\"index, follow, max-snippet:-1, max-image-preview:large, max-video-preview:-1\" \/>\n<link rel=\"canonical\" href=\"https:\/\/verket.se\/svenska\/skolvisningar\/\" \/>\n<meta property=\"og:locale\" content=\"sv_SE\" \/>\n<meta property=\"og:type\" content=\"article\" \/>\n<meta property=\"og:title\" content=\"Skolvisningar Avesta Art 2026 | Verket\" \/>\n<meta property=\"og:description\" content=\"Skolvisningar - Konst som del av l\u00e4randet. P\u00e5 Verket tycker vi att konst \u00e4r en viktig del av l\u00e4rande och utveckling.\" \/>\n<meta property=\"og:url\" content=\"https:\/\/verket.se\/svenska\/skolvisningar\/\" \/>\n<meta property=\"og:site_name\" content=\"Verket\" \/>\n<meta property=\"article:modified_time\" content=\"2026-04-27T09:17:18+00:00\" \/>\n<meta property=\"og:image\" content=\"https:\/\/verket.se\/wp-content\/uploads\/Diana-Orving-Nebulae-Photo-Galleri-Arnstedt-scaled.jpg\" \/>\n\t<meta property=\"og:image:width\" content=\"2560\" \/>\n\t<meta property=\"og:image:height\" content=\"1607\" \/>\n\t<meta property=\"og:image:type\" content=\"image\/jpeg\" \/>\n<meta name=\"twitter:card\" content=\"summary_large_image\" \/>\n<meta name=\"twitter:label1\" content=\"Ber\u00e4knad l\u00e4stid\" \/>\n\t<meta name=\"twitter:data1\" content=\"2 minuter\" \/>\n<script type=\"application\/ld+json\" class=\"yoast-schema-graph\">{\"@context\":\"https:\/\/schema.org\",\"@graph\":[{\"@type\":\"WebPage\",\"@id\":\"https:\/\/verket.se\/svenska\/skolvisningar\/\",\"url\":\"https:\/\/verket.se\/svenska\/skolvisningar\/\",\"name\":\"Skolvisningar Avesta Art 2026 | Verket\",\"isPartOf\":{\"@id\":\"https:\/\/verket.se\/en\/#website\"},\"primaryImageOfPage\":{\"@id\":\"https:\/\/verket.se\/svenska\/skolvisningar\/#primaryimage\"},\"image\":{\"@id\":\"https:\/\/verket.se\/svenska\/skolvisningar\/#primaryimage\"},\"thumbnailUrl\":\"https:\/\/verket.se\/wp-content\/uploads\/Diana-Orving-Nebulae-Photo-Galleri-Arnstedt-scaled.jpg\",\"datePublished\":\"2026-04-23T14:17:31+00:00\",\"dateModified\":\"2026-04-27T09:17:18+00:00\",\"description\":\"Skolvisningar - Konst som del av l\u00e4randet. P\u00e5 Verket tycker vi att konst \u00e4r en viktig del av l\u00e4rande och utveckling.\",\"breadcrumb\":{\"@id\":\"https:\/\/verket.se\/svenska\/skolvisningar\/#breadcrumb\"},\"inLanguage\":\"sv-SE\",\"potentialAction\":[{\"@type\":\"ReadAction\",\"target\":[\"https:\/\/verket.se\/svenska\/skolvisningar\/\"]}]},{\"@type\":\"ImageObject\",\"inLanguage\":\"sv-SE\",\"@id\":\"https:\/\/verket.se\/svenska\/skolvisningar\/#primaryimage\",\"url\":\"https:\/\/verket.se\/wp-content\/uploads\/Diana-Orving-Nebulae-Photo-Galleri-Arnstedt-scaled.jpg\",\"contentUrl\":\"https:\/\/verket.se\/wp-content\/uploads\/Diana-Orving-Nebulae-Photo-Galleri-Arnstedt-scaled.jpg\",\"width\":2560,\"height\":1607,\"caption\":\"Diana Orving Nebulae Photo Galleri Arnstedt\"},{\"@type\":\"BreadcrumbList\",\"@id\":\"https:\/\/verket.se\/svenska\/skolvisningar\/#breadcrumb\",\"itemListElement\":[{\"@type\":\"ListItem\",\"position\":1,\"name\":\"Hem\",\"item\":\"https:\/\/verket.se\/\"},{\"@type\":\"ListItem\",\"position\":2,\"name\":\"Skolvisningar\"}]},{\"@type\":\"WebSite\",\"@id\":\"https:\/\/verket.se\/en\/#website\",\"url\":\"https:\/\/verket.se\/en\/\",\"name\":\"Verket\",\"description\":\"En del av Sveriges historia\",\"publisher\":{\"@id\":\"https:\/\/verket.se\/en\/#organization\"},\"potentialAction\":[{\"@type\":\"SearchAction\",\"target\":{\"@type\":\"EntryPoint\",\"urlTemplate\":\"https:\/\/verket.se\/en\/?s={search_term_string}\"},\"query-input\":{\"@type\":\"PropertyValueSpecification\",\"valueRequired\":true,\"valueName\":\"search_term_string\"}}],\"inLanguage\":\"sv-SE\"},{\"@type\":\"Organization\",\"@id\":\"https:\/\/verket.se\/en\/#organization\",\"name\":\"Verket\",\"url\":\"https:\/\/verket.se\/en\/\",\"logo\":{\"@type\":\"ImageObject\",\"inLanguage\":\"sv-SE\",\"@id\":\"https:\/\/verket.se\/en\/#\/schema\/logo\/image\/\",\"url\":\"https:\/\/www1.verket.se\/wp-content\/uploads\/2016\/08\/verket.png\",\"contentUrl\":\"https:\/\/www1.verket.se\/wp-content\/uploads\/2016\/08\/verket.png\",\"width\":455,\"height\":166,\"caption\":\"Verket\"},\"image\":{\"@id\":\"https:\/\/verket.se\/en\/#\/schema\/logo\/image\/\"}}]}<\/script>\n<!-- \/ Yoast SEO plugin. -->","yoast_head_json":{"title":"Skolvisningar Avesta Art 2026 | Verket","description":"Skolvisningar - Konst som del av l\u00e4randet. P\u00e5 Verket tycker vi att konst \u00e4r en viktig del av l\u00e4rande och utveckling.","robots":{"index":"index","follow":"follow","max-snippet":"max-snippet:-1","max-image-preview":"max-image-preview:large","max-video-preview":"max-video-preview:-1"},"canonical":"https:\/\/verket.se\/svenska\/skolvisningar\/","og_locale":"sv_SE","og_type":"article","og_title":"Skolvisningar Avesta Art 2026 | Verket","og_description":"Skolvisningar - Konst som del av l\u00e4randet. P\u00e5 Verket tycker vi att konst \u00e4r en viktig del av l\u00e4rande och utveckling.","og_url":"https:\/\/verket.se\/svenska\/skolvisningar\/","og_site_name":"Verket","article_modified_time":"2026-04-27T09:17:18+00:00","og_image":[{"width":2560,"height":1607,"url":"https:\/\/verket.se\/wp-content\/uploads\/Diana-Orving-Nebulae-Photo-Galleri-Arnstedt-scaled.jpg","type":"image\/jpeg"}],"twitter_card":"summary_large_image","twitter_misc":{"Ber\u00e4knad l\u00e4stid":"2 minuter"},"schema":{"@context":"https:\/\/schema.org","@graph":[{"@type":"WebPage","@id":"https:\/\/verket.se\/svenska\/skolvisningar\/","url":"https:\/\/verket.se\/svenska\/skolvisningar\/","name":"Skolvisningar Avesta Art 2026 | Verket","isPartOf":{"@id":"https:\/\/verket.se\/en\/#website"},"primaryImageOfPage":{"@id":"https:\/\/verket.se\/svenska\/skolvisningar\/#primaryimage"},"image":{"@id":"https:\/\/verket.se\/svenska\/skolvisningar\/#primaryimage"},"thumbnailUrl":"https:\/\/verket.se\/wp-content\/uploads\/Diana-Orving-Nebulae-Photo-Galleri-Arnstedt-scaled.jpg","datePublished":"2026-04-23T14:17:31+00:00","dateModified":"2026-04-27T09:17:18+00:00","description":"Skolvisningar - Konst som del av l\u00e4randet. P\u00e5 Verket tycker vi att konst \u00e4r en viktig del av l\u00e4rande och utveckling.","breadcrumb":{"@id":"https:\/\/verket.se\/svenska\/skolvisningar\/#breadcrumb"},"inLanguage":"sv-SE","potentialAction":[{"@type":"ReadAction","target":["https:\/\/verket.se\/svenska\/skolvisningar\/"]}]},{"@type":"ImageObject","inLanguage":"sv-SE","@id":"https:\/\/verket.se\/svenska\/skolvisningar\/#primaryimage","url":"https:\/\/verket.se\/wp-content\/uploads\/Diana-Orving-Nebulae-Photo-Galleri-Arnstedt-scaled.jpg","contentUrl":"https:\/\/verket.se\/wp-content\/uploads\/Diana-Orving-Nebulae-Photo-Galleri-Arnstedt-scaled.jpg","width":2560,"height":1607,"caption":"Diana Orving Nebulae Photo Galleri Arnstedt"},{"@type":"BreadcrumbList","@id":"https:\/\/verket.se\/svenska\/skolvisningar\/#breadcrumb","itemListElement":[{"@type":"ListItem","position":1,"name":"Hem","item":"https:\/\/verket.se\/"},{"@type":"ListItem","position":2,"name":"Skolvisningar"}]},{"@type":"WebSite","@id":"https:\/\/verket.se\/en\/#website","url":"https:\/\/verket.se\/en\/","name":"Verket","description":"En del av Sveriges historia","publisher":{"@id":"https:\/\/verket.se\/en\/#organization"},"potentialAction":[{"@type":"SearchAction","target":{"@type":"EntryPoint","urlTemplate":"https:\/\/verket.se\/en\/?s={search_term_string}"},"query-input":{"@type":"PropertyValueSpecification","valueRequired":true,"valueName":"search_term_string"}}],"inLanguage":"sv-SE"},{"@type":"Organization","@id":"https:\/\/verket.se\/en\/#organization","name":"Verket","url":"https:\/\/verket.se\/en\/","logo":{"@type":"ImageObject","inLanguage":"sv-SE","@id":"https:\/\/verket.se\/en\/#\/schema\/logo\/image\/","url":"https:\/\/www1.verket.se\/wp-content\/uploads\/2016\/08\/verket.png","contentUrl":"https:\/\/www1.verket.se\/wp-content\/uploads\/2016\/08\/verket.png","width":455,"height":166,"caption":"Verket"},"image":{"@id":"https:\/\/verket.se\/en\/#\/schema\/logo\/image\/"}}]}},"_links":{"self":[{"href":"https:\/\/verket.se\/svenska\/wp-json\/wp\/v2\/pages\/25342","targetHints":{"allow":["GET"]}}],"collection":[{"href":"https:\/\/verket.se\/svenska\/wp-json\/wp\/v2\/pages"}],"about":[{"href":"https:\/\/verket.se\/svenska\/wp-json\/wp\/v2\/types\/page"}],"author":[{"embeddable":true,"href":"https:\/\/verket.se\/svenska\/wp-json\/wp\/v2\/users\/2"}],"replies":[{"embeddable":true,"href":"https:\/\/verket.se\/svenska\/wp-json\/wp\/v2\/comments?post=25342"}],"version-history":[{"count":5,"href":"https:\/\/verket.se\/svenska\/wp-json\/wp\/v2\/pages\/25342\/revisions"}],"predecessor-version":[{"id":25592,"href":"https:\/\/verket.se\/svenska\/wp-json\/wp\/v2\/pages\/25342\/revisions\/25592"}],"wp:featuredmedia":[{"embeddable":true,"href":"https:\/\/verket.se\/svenska\/wp-json\/wp\/v2\/media\/25435"}],"wp:attachment":[{"href":"https:\/\/verket.se\/svenska\/wp-json\/wp\/v2\/media?parent=25342"}],"curies":[{"name":"wp","href":"https:\/\/api.w.org\/{rel}","templated":true}]}}