{"id":20317,"date":"2025-02-11T16:39:41","date_gmt":"2025-02-11T15:39:41","guid":{"rendered":"https:\/\/verket.se\/?page_id=20317"},"modified":"2026-03-16T16:20:31","modified_gmt":"2026-03-16T15:20:31","slug":"kulturresan","status":"publish","type":"page","link":"https:\/\/verket.se\/svenska\/kulturresan\/","title":{"rendered":"Kulturresan i Dalarna"},"content":{"rendered":"\t\t<div data-elementor-type=\"wp-page\" data-elementor-id=\"20317\" class=\"elementor elementor-20317\" data-elementor-post-type=\"page\">\n\t\t\t\t\t\t<section class=\"elementor-section elementor-top-section elementor-element elementor-element-89681f9 elementor-section-boxed elementor-section-height-default elementor-section-height-default\" data-id=\"89681f9\" data-element_type=\"section\" data-e-type=\"section\">\n\t\t\t\t\t\t<div class=\"elementor-container elementor-column-gap-default\">\n\t\t\t\t\t<div class=\"elementor-column elementor-col-100 elementor-top-column elementor-element elementor-element-a2de51b\" data-id=\"a2de51b\" data-element_type=\"column\" data-e-type=\"column\">\n\t\t\t<div class=\"elementor-widget-wrap elementor-element-populated\">\n\t\t\t\t\t\t<div class=\"elementor-element elementor-element-ef70c85 elementor-widget elementor-widget-spacer\" data-id=\"ef70c85\" data-element_type=\"widget\" data-e-type=\"widget\" data-widget_type=\"spacer.default\">\n\t\t\t\t<div class=\"elementor-widget-container\">\n\t\t\t\t\t\t\t<div class=\"elementor-spacer\">\n\t\t\t<div class=\"elementor-spacer-inner\"><\/div>\n\t\t<\/div>\n\t\t\t\t\t\t<\/div>\n\t\t\t\t<\/div>\n\t\t\t\t<div class=\"elementor-element elementor-element-d4d5746 elementor-widget elementor-widget-heading\" data-id=\"d4d5746\" data-element_type=\"widget\" data-e-type=\"widget\" data-widget_type=\"heading.default\">\n\t\t\t\t<div class=\"elementor-widget-container\">\n\t\t\t\t\t<h2 class=\"elementor-heading-title elementor-size-default\">Kulturresan i Dalarna - bes\u00f6k 9 unika bes\u00f6ksm\u00e5l<\/h2>\t\t\t\t<\/div>\n\t\t\t\t<\/div>\n\t\t\t\t<div class=\"elementor-element elementor-element-95beceb elementor-widget elementor-widget-spacer\" data-id=\"95beceb\" data-element_type=\"widget\" data-e-type=\"widget\" data-widget_type=\"spacer.default\">\n\t\t\t\t<div class=\"elementor-widget-container\">\n\t\t\t\t\t\t\t<div class=\"elementor-spacer\">\n\t\t\t<div class=\"elementor-spacer-inner\"><\/div>\n\t\t<\/div>\n\t\t\t\t\t\t<\/div>\n\t\t\t\t<\/div>\n\t\t\t\t<div class=\"elementor-element elementor-element-13cdae5 elementor-widget elementor-widget-gallery\" data-id=\"13cdae5\" data-element_type=\"widget\" data-e-type=\"widget\" data-settings=\"{&quot;gallery_layout&quot;:&quot;justified&quot;,&quot;ideal_row_height&quot;:{&quot;unit&quot;:&quot;px&quot;,&quot;size&quot;:115,&quot;sizes&quot;:[]},&quot;gap&quot;:{&quot;unit&quot;:&quot;px&quot;,&quot;size&quot;:17,&quot;sizes&quot;:[]},&quot;lazyload&quot;:&quot;yes&quot;,&quot;ideal_row_height_tablet&quot;:{&quot;unit&quot;:&quot;px&quot;,&quot;size&quot;:150,&quot;sizes&quot;:[]},&quot;ideal_row_height_mobile&quot;:{&quot;unit&quot;:&quot;px&quot;,&quot;size&quot;:150,&quot;sizes&quot;:[]},&quot;gap_tablet&quot;:{&quot;unit&quot;:&quot;px&quot;,&quot;size&quot;:10,&quot;sizes&quot;:[]},&quot;gap_mobile&quot;:{&quot;unit&quot;:&quot;px&quot;,&quot;size&quot;:10,&quot;sizes&quot;:[]},&quot;link_to&quot;:&quot;file&quot;,&quot;overlay_background&quot;:&quot;yes&quot;,&quot;content_hover_animation&quot;:&quot;fade-in&quot;}\" data-widget_type=\"gallery.default\">\n\t\t\t\t<div class=\"elementor-widget-container\">\n\t\t\t\t\t\t\t<div class=\"elementor-gallery__container\">\n\t\t\t\t\t\t\t<a class=\"e-gallery-item elementor-gallery-item elementor-animated-content\" href=\"https:\/\/verket.se\/wp-content\/uploads\/endelav_crd_blk.jpg\" data-elementor-open-lightbox=\"yes\" data-elementor-lightbox-slideshow=\"13cdae5\" data-elementor-lightbox-title=\"endelav_crd\" data-elementor-lightbox-description=\"En del av Kulturresan\" data-e-action-hash=\"#elementor-action%3Aaction%3Dlightbox%26settings%3DeyJpZCI6MTA2NTIsInVybCI6Imh0dHBzOlwvXC92ZXJrZXQuc2VcL3dwLWNvbnRlbnRcL3VwbG9hZHNcL2VuZGVsYXZfY3JkX2Jsay5qcGciLCJzbGlkZXNob3ciOiIxM2NkYWU1In0%3D\">\n\t\t\t\t\t<div class=\"e-gallery-image elementor-gallery-item__image\" data-thumbnail=\"https:\/\/verket.se\/wp-content\/uploads\/endelav_crd_blk.jpg\" data-width=\"800\" data-height=\"993\" aria-label=\"En del av Kulturresan\" role=\"img\" ><\/div>\n\t\t\t\t\t\t\t\t\t\t\t<div class=\"elementor-gallery-item__overlay\"><\/div>\n\t\t\t\t\t\t\t\t\t\t\t\t\t\t<\/a>\n\t\t\t\t\t\t\t<a class=\"e-gallery-item elementor-gallery-item elementor-animated-content\" href=\"https:\/\/verket.se\/wp-content\/uploads\/Verket-foto-Sussie-Carlzon-2-scaled-e1740738095987.jpg\" data-elementor-open-lightbox=\"yes\" data-elementor-lightbox-slideshow=\"13cdae5\" data-e-action-hash=\"#elementor-action%3Aaction%3Dlightbox%26settings%3DeyJpZCI6MjAzOTgsInVybCI6Imh0dHBzOlwvXC92ZXJrZXQuc2VcL3dwLWNvbnRlbnRcL3VwbG9hZHNcL1ZlcmtldC1mb3RvLVN1c3NpZS1DYXJsem9uLTItc2NhbGVkLWUxNzQwNzM4MDk1OTg3LmpwZyIsInNsaWRlc2hvdyI6IjEzY2RhZTUifQ%3D%3D\">\n\t\t\t\t\t<div class=\"e-gallery-image elementor-gallery-item__image\" data-thumbnail=\"https:\/\/verket.se\/wp-content\/uploads\/Verket-foto-Sussie-Carlzon-2-scaled-e1740738095987-1024x833.jpg\" data-width=\"1024\" data-height=\"833\" aria-label=\"Verket foto Sussie Carlzon\" role=\"img\" ><\/div>\n\t\t\t\t\t\t\t\t\t\t\t<div class=\"elementor-gallery-item__overlay\"><\/div>\n\t\t\t\t\t\t\t\t\t\t\t\t\t\t<\/a>\n\t\t\t\t\t\t\t<a class=\"e-gallery-item elementor-gallery-item elementor-animated-content\" href=\"https:\/\/verket.se\/wp-content\/uploads\/Kransplan-foto-S-Carlzon.jpg\" data-elementor-open-lightbox=\"yes\" data-elementor-lightbox-slideshow=\"13cdae5\" data-elementor-lightbox-title=\"Kransplan\" data-e-action-hash=\"#elementor-action%3Aaction%3Dlightbox%26settings%3DeyJpZCI6MTEzNTksInVybCI6Imh0dHBzOlwvXC92ZXJrZXQuc2VcL3dwLWNvbnRlbnRcL3VwbG9hZHNcL0tyYW5zcGxhbi1mb3RvLVMtQ2FybHpvbi5qcGciLCJzbGlkZXNob3ciOiIxM2NkYWU1In0%3D\">\n\t\t\t\t\t<div class=\"e-gallery-image elementor-gallery-item__image\" data-thumbnail=\"https:\/\/verket.se\/wp-content\/uploads\/Kransplan-foto-S-Carlzon-1024x576.jpg\" data-width=\"1024\" data-height=\"576\" aria-label=\"\" role=\"img\" ><\/div>\n\t\t\t\t\t\t\t\t\t\t\t<div class=\"elementor-gallery-item__overlay\"><\/div>\n\t\t\t\t\t\t\t\t\t\t\t\t\t\t<\/a>\n\t\t\t\t\t\t\t<a class=\"e-gallery-item elementor-gallery-item elementor-animated-content\" href=\"https:\/\/verket.se\/wp-content\/uploads\/P1070923.jpg\" data-elementor-open-lightbox=\"yes\" data-elementor-lightbox-slideshow=\"13cdae5\" data-elementor-lightbox-title=\"Verket\" data-e-action-hash=\"#elementor-action%3Aaction%3Dlightbox%26settings%3DeyJpZCI6MTE3NzYsInVybCI6Imh0dHBzOlwvXC92ZXJrZXQuc2VcL3dwLWNvbnRlbnRcL3VwbG9hZHNcL1AxMDcwOTIzLmpwZyIsInNsaWRlc2hvdyI6IjEzY2RhZTUifQ%3D%3D\">\n\t\t\t\t\t<div class=\"e-gallery-image elementor-gallery-item__image\" data-thumbnail=\"https:\/\/verket.se\/wp-content\/uploads\/P1070923-1024x576.jpg\" data-width=\"1024\" data-height=\"576\" aria-label=\"Verket\" role=\"img\" ><\/div>\n\t\t\t\t\t\t\t\t\t\t\t<div class=\"elementor-gallery-item__overlay\"><\/div>\n\t\t\t\t\t\t\t\t\t\t\t\t\t\t<\/a>\n\t\t\t\t\t\t\t<a class=\"e-gallery-item elementor-gallery-item elementor-animated-content\" href=\"https:\/\/verket.se\/wp-content\/uploads\/Kransen-Foto-S-Carlzon.jpg\" data-elementor-open-lightbox=\"yes\" data-elementor-lightbox-slideshow=\"13cdae5\" data-elementor-lightbox-title=\"Verket Masugns kransen\" data-e-action-hash=\"#elementor-action%3Aaction%3Dlightbox%26settings%3DeyJpZCI6MTEzNTgsInVybCI6Imh0dHBzOlwvXC92ZXJrZXQuc2VcL3dwLWNvbnRlbnRcL3VwbG9hZHNcL0tyYW5zZW4tRm90by1TLUNhcmx6b24uanBnIiwic2xpZGVzaG93IjoiMTNjZGFlNSJ9\">\n\t\t\t\t\t<div class=\"e-gallery-image elementor-gallery-item__image\" data-thumbnail=\"https:\/\/verket.se\/wp-content\/uploads\/Kransen-Foto-S-Carlzon-1024x576.jpg\" data-width=\"1024\" data-height=\"576\" aria-label=\"Verket Masugns kransen\" role=\"img\" ><\/div>\n\t\t\t\t\t\t\t\t\t\t\t<div class=\"elementor-gallery-item__overlay\"><\/div>\n\t\t\t\t\t\t\t\t\t\t\t\t\t\t<\/a>\n\t\t\t\t\t\t\t<a class=\"e-gallery-item elementor-gallery-item elementor-animated-content\" href=\"https:\/\/verket.se\/wp-content\/uploads\/2019\/03\/DSC14521.jpg\" data-elementor-open-lightbox=\"yes\" data-elementor-lightbox-slideshow=\"13cdae5\" data-elementor-lightbox-title=\"DSC14521\" data-e-action-hash=\"#elementor-action%3Aaction%3Dlightbox%26settings%3DeyJpZCI6NjgzNywidXJsIjoiaHR0cHM6XC9cL3ZlcmtldC5zZVwvd3AtY29udGVudFwvdXBsb2Fkc1wvMjAxOVwvMDNcL0RTQzE0NTIxLmpwZyIsInNsaWRlc2hvdyI6IjEzY2RhZTUifQ%3D%3D\">\n\t\t\t\t\t<div class=\"e-gallery-image elementor-gallery-item__image\" data-thumbnail=\"https:\/\/verket.se\/wp-content\/uploads\/2019\/03\/DSC14521-1024x681.jpg\" data-width=\"1024\" data-height=\"681\" aria-label=\"\" role=\"img\" ><\/div>\n\t\t\t\t\t\t\t\t\t\t\t<div class=\"elementor-gallery-item__overlay\"><\/div>\n\t\t\t\t\t\t\t\t\t\t\t\t\t\t<\/a>\n\t\t\t\t\t\t\t<a class=\"e-gallery-item elementor-gallery-item elementor-animated-content\" href=\"https:\/\/verket.se\/wp-content\/uploads\/Verket-foto-Sussie-Carlzon-scaled.jpg\" data-elementor-open-lightbox=\"yes\" data-elementor-lightbox-slideshow=\"13cdae5\" data-elementor-lightbox-title=\"Verket foto Sussie Carlzon\" data-e-action-hash=\"#elementor-action%3Aaction%3Dlightbox%26settings%3DeyJpZCI6MjAzOTksInVybCI6Imh0dHBzOlwvXC92ZXJrZXQuc2VcL3dwLWNvbnRlbnRcL3VwbG9hZHNcL1ZlcmtldC1mb3RvLVN1c3NpZS1DYXJsem9uLXNjYWxlZC5qcGciLCJzbGlkZXNob3ciOiIxM2NkYWU1In0%3D\">\n\t\t\t\t\t<div class=\"e-gallery-image elementor-gallery-item__image\" data-thumbnail=\"https:\/\/verket.se\/wp-content\/uploads\/Verket-foto-Sussie-Carlzon-1024x576.jpg\" data-width=\"1024\" data-height=\"576\" aria-label=\"Verket foto Sussie Carlzon\" role=\"img\" ><\/div>\n\t\t\t\t\t\t\t\t\t\t\t<div class=\"elementor-gallery-item__overlay\"><\/div>\n\t\t\t\t\t\t\t\t\t\t\t\t\t\t<\/a>\n\t\t\t\t\t\t\t<a class=\"e-gallery-item elementor-gallery-item elementor-animated-content\" href=\"https:\/\/verket.se\/wp-content\/uploads\/DSC_1844-scaled-e1746619248470.jpg\" data-elementor-open-lightbox=\"yes\" data-elementor-lightbox-slideshow=\"13cdae5\" data-elementor-lightbox-title=\"Verket i maj\" data-e-action-hash=\"#elementor-action%3Aaction%3Dlightbox%26settings%3DeyJpZCI6MjIwMTYsInVybCI6Imh0dHBzOlwvXC92ZXJrZXQuc2VcL3dwLWNvbnRlbnRcL3VwbG9hZHNcL0RTQ18xODQ0LXNjYWxlZC1lMTc0NjYxOTI0ODQ3MC5qcGciLCJzbGlkZXNob3ciOiIxM2NkYWU1In0%3D\">\n\t\t\t\t\t<div class=\"e-gallery-image elementor-gallery-item__image\" data-thumbnail=\"https:\/\/verket.se\/wp-content\/uploads\/DSC_1844-scaled-e1746619248470-1024x661.jpg\" data-width=\"1024\" data-height=\"661\" aria-label=\"Verket i maj\" role=\"img\" ><\/div>\n\t\t\t\t\t\t\t\t\t\t\t<div class=\"elementor-gallery-item__overlay\"><\/div>\n\t\t\t\t\t\t\t\t\t\t\t\t\t\t<\/a>\n\t\t\t\t\t\t\t<a class=\"e-gallery-item elementor-gallery-item elementor-animated-content\" href=\"https:\/\/verket.se\/wp-content\/uploads\/martinugn-foto-s.carlzon.jpg\" data-elementor-open-lightbox=\"yes\" data-elementor-lightbox-slideshow=\"13cdae5\" data-elementor-lightbox-title=\"Martinugn\" data-elementor-lightbox-description=\"                                                                   \" data-e-action-hash=\"#elementor-action%3Aaction%3Dlightbox%26settings%3DeyJpZCI6MTEyMzIsInVybCI6Imh0dHBzOlwvXC92ZXJrZXQuc2VcL3dwLWNvbnRlbnRcL3VwbG9hZHNcL21hcnRpbnVnbi1mb3RvLXMuY2FybHpvbi5qcGciLCJzbGlkZXNob3ciOiIxM2NkYWU1In0%3D\">\n\t\t\t\t\t<div class=\"e-gallery-image elementor-gallery-item__image\" data-thumbnail=\"https:\/\/verket.se\/wp-content\/uploads\/martinugn-foto-s.carlzon-1024x576.jpg\" data-width=\"1024\" data-height=\"576\" aria-label=\"Martinugn\" role=\"img\" ><\/div>\n\t\t\t\t\t\t\t\t\t\t\t<div class=\"elementor-gallery-item__overlay\"><\/div>\n\t\t\t\t\t\t\t\t\t\t\t\t\t\t<\/a>\n\t\t\t\t\t<\/div>\n\t\t\t\t\t<\/div>\n\t\t\t\t<\/div>\n\t\t\t\t<section class=\"elementor-section elementor-inner-section elementor-element elementor-element-dfc3cad elementor-section-boxed elementor-section-height-default elementor-section-height-default\" data-id=\"dfc3cad\" data-element_type=\"section\" data-e-type=\"section\">\n\t\t\t\t\t\t<div class=\"elementor-container elementor-column-gap-default\">\n\t\t\t\t\t<div class=\"elementor-column elementor-col-50 elementor-inner-column elementor-element elementor-element-62ee235\" data-id=\"62ee235\" data-element_type=\"column\" data-e-type=\"column\">\n\t\t\t<div class=\"elementor-widget-wrap elementor-element-populated\">\n\t\t\t\t\t\t<div class=\"elementor-element elementor-element-dc77452 elementor-widget elementor-widget-text-editor\" data-id=\"dc77452\" data-element_type=\"widget\" data-e-type=\"widget\" data-widget_type=\"text-editor.default\">\n\t\t\t\t<div class=\"elementor-widget-container\">\n\t\t\t\t\t\t\t\t\t<h2><span style=\"color: #000000;\"><strong>Vad \u00e4r Kulturresan Dalarna?<\/strong><\/span><\/h2><p><strong><span style=\"color: #000000;\">G\u00f6r en rundresa i kulturens Dalarna och uppt\u00e4ck sp\u00e4nnande delar av Sveriges historia. Kulturresan Dalarna \u00e4r din guide l\u00e4ngs v\u00e4gen och tar dig till nio bes\u00f6ksm\u00e5l som alla inneh\u00e5ller sp\u00e4nnande ber\u00e4ttelser. M\u00f6t m\u00e4nniskor och platser som l\u00e4mnat best\u00e5ende avtryck och \u00e4r lika h\u00f6gaktuella nu som d\u00e5.<\/span><\/strong><\/p><p><strong><span style=\"color: #000000;\">Kulturpasset kommer att sluta s\u00e4ljas. <span data-olk-copy-source=\"MessageBody\">Befintliga pass kan l\u00f6sas in till och med december 2027 i och med att de \u00e4r giltiga i tv\u00e5 \u00e5r.<\/span>\u00a0<\/span><\/strong><\/p><p><span style=\"color: #000000;\"><strong>L\u00e4s mer h\u00e4r:\u00a0<a href=\"https:\/\/www.visitdalarna.se\/kultur\/kulturresan\"><span style=\"color: #0000ff;\">https:\/\/www.visitdalarna.se\/kultur\/kulturresan<\/span><\/a><\/strong><\/span><\/p>\t\t\t\t\t\t\t\t<\/div>\n\t\t\t\t<\/div>\n\t\t\t\t<div class=\"elementor-element elementor-element-5813888 elementor-widget elementor-widget-image\" data-id=\"5813888\" data-element_type=\"widget\" data-e-type=\"widget\" data-widget_type=\"image.default\">\n\t\t\t\t<div class=\"elementor-widget-container\">\n\t\t\t\t\t\t\t\t\t\t\t\t\t\t\t<img fetchpriority=\"high\" decoding=\"async\" width=\"242\" height=\"300\" src=\"https:\/\/verket.se\/wp-content\/uploads\/endelav_crd_blk-242x300.jpg\" class=\"attachment-medium size-medium wp-image-10652\" alt=\"En del av Kulturresan\" srcset=\"https:\/\/verket.se\/wp-content\/uploads\/endelav_crd_blk-242x300.jpg 242w, https:\/\/verket.se\/wp-content\/uploads\/endelav_crd_blk-768x953.jpg 768w, https:\/\/verket.se\/wp-content\/uploads\/endelav_crd_blk-10x12.jpg 10w, https:\/\/verket.se\/wp-content\/uploads\/endelav_crd_blk.jpg 800w\" sizes=\"(max-width: 242px) 100vw, 242px\" \/>\t\t\t\t\t\t\t\t\t\t\t\t\t\t\t<\/div>\n\t\t\t\t<\/div>\n\t\t\t\t\t<\/div>\n\t\t<\/div>\n\t\t\t\t<div class=\"elementor-column elementor-col-50 elementor-inner-column elementor-element elementor-element-2c1d775\" data-id=\"2c1d775\" data-element_type=\"column\" data-e-type=\"column\">\n\t\t\t<div class=\"elementor-widget-wrap elementor-element-populated\">\n\t\t\t\t\t\t<div class=\"elementor-element elementor-element-e7408bd elementor-widget elementor-widget-text-editor\" data-id=\"e7408bd\" data-element_type=\"widget\" data-e-type=\"widget\" data-widget_type=\"text-editor.default\">\n\t\t\t\t<div class=\"elementor-widget-container\">\n\t\t\t\t\t\t\t\t\t<h2><strong><span style=\"color: #000000;\">F\u00f6rdjupa dig i bes\u00f6ksm\u00e5len<\/span><\/strong><\/h2><p><strong><span style=\"color: #000000;\">Kulturresan speglar Dalarnas rika kulturarv. L\u00e4s mer om vad som finns att uppt\u00e4cka l\u00e4ngs v\u00e4gen, vad tar du sikte p\u00e5 f\u00f6rst?<\/span><\/strong><\/p><p><span style=\"color: #000000;\"><strong>L\u00e4s mer om respektive resm\u00e5l nedan.<\/strong><\/span><\/p><p><span style=\"color: #000000;\"><strong>Nils Olsson Dalah\u00e4star:<\/strong><\/span> <span style=\"color: #0000ff;\"><a style=\"color: #0000ff;\" href=\"https:\/\/www.nilsolsson.se\/\">https:\/\/www.nilsolsson.se\/<\/a><\/span>\u00a0<\/p><p><strong><span style=\"color: #000000;\">Dalarnas museum: <\/span><\/strong><a href=\"https:\/\/dalarnasmuseum.se\/\"><span style=\"color: #0000ff;\">https:\/\/dalarnasmuseum.se\/<\/span><\/a><\/p><p><strong><span style=\"color: #000000;\">Porfyr- och Hagstr\u00f6mmuseet: <\/span><\/strong><a href=\"https:\/\/www.rockdale.se\/#\/porfyrmuseet\"><span style=\"color: #000000;\"><span style=\"color: #0000ff;\">https:\/\/www.rockdale.se\/#\/porfyrmuseet<\/span><\/span><\/a><\/p><p><span style=\"color: #000000;\"><strong>Carl Larsson-g\u00e5rden i Sundborn: <\/strong><a href=\"https:\/\/www.carllarsson.se\/\"><span style=\"color: #0000ff;\">https:\/\/www.carllarsson.se\/<\/span><\/a><\/span><\/p><p><span style=\"color: #000000;\"><strong>Orn\u00e4sstugan:<\/strong><\/span> <span style=\"color: #0000ff;\"><a style=\"color: #0000ff;\" href=\"https:\/\/www.borlange.se\/ornasstugan\">https:\/\/www.borlange.se\/ornasstugan<\/a><\/span><\/p><p><span style=\"color: #000000;\"><strong>Falu Gruva: <\/strong><a href=\"https:\/\/www.falugruva.se\/\"><span style=\"color: #0000ff;\">https:\/\/www.falugruva.se\/<\/span><\/a><\/span><\/p><p><span style=\"color: #000000;\"><strong>Zornmuseet och Zorng\u00e5rden: <\/strong><a href=\"https:\/\/zorn.se\/\"><span style=\"color: #0000ff;\">https:\/\/zorn.se\/<\/span><\/a><\/span><\/p><p><span style=\"color: #000000;\"><strong>Hildasholm:<\/strong><\/span> <a href=\"https:\/\/hildasholm.org\/\"><span style=\"color: #0000ff;\">https:\/\/hildasholm.org\/<\/span><\/a><\/p><p><strong><span style=\"color: #000000;\">Verket\/Avesta Art: <\/span><\/strong><span style=\"color: #000000;\">hit har du redan hittat<\/span><\/p><p>\u00a0<\/p><p>\u00a0<\/p><p>\u00a0<\/p><p>\u00a0<\/p><p>\u00a0<\/p><p>\u00a0<\/p>\t\t\t\t\t\t\t\t<\/div>\n\t\t\t\t<\/div>\n\t\t\t\t\t<\/div>\n\t\t<\/div>\n\t\t\t\t\t<\/div>\n\t\t<\/section>\n\t\t\t\t\t<\/div>\n\t\t<\/div>\n\t\t\t\t\t<\/div>\n\t\t<\/section>\n\t\t\t\t<\/div>\n\t\t","protected":false},"excerpt":{"rendered":"<p>Kulturresan i Dalarna &#8211; bes\u00f6k 9 unika bes\u00f6ksm\u00e5l Vad \u00e4r Kulturresan Dalarna? G\u00f6r en rundresa i kulturens Dalarna och uppt\u00e4ck sp\u00e4nnande delar av Sveriges historia. Kulturresan Dalarna \u00e4r din guide l\u00e4ngs v\u00e4gen och tar dig till nio bes\u00f6ksm\u00e5l som alla inneh\u00e5ller sp\u00e4nnande ber\u00e4ttelser. M\u00f6t m\u00e4nniskor och platser som l\u00e4mnat best\u00e5ende avtryck och \u00e4r lika h\u00f6gaktuella [&hellip;]<\/p>\n","protected":false},"author":2,"featured_media":10652,"parent":0,"menu_order":0,"comment_status":"closed","ping_status":"closed","template":"","meta":{"site-sidebar-layout":"no-sidebar","site-content-layout":"page-builder","ast-site-content-layout":"full-width-container","site-content-style":"default","site-sidebar-style":"default","ast-global-header-display":"","ast-banner-title-visibility":"","ast-main-header-display":"","ast-hfb-above-header-display":"","ast-hfb-below-header-display":"","ast-hfb-mobile-header-display":"","site-post-title":"disabled","ast-breadcrumbs-content":"","ast-featured-img":"disabled","footer-sml-layout":"","ast-disable-related-posts":"","theme-transparent-header-meta":"","adv-header-id-meta":"","stick-header-meta":"","header-above-stick-meta":"","header-main-stick-meta":"","header-below-stick-meta":"","astra-migrate-meta-layouts":"set","ast-page-background-enabled":"default","ast-page-background-meta":{"desktop":{"background-color":"","background-image":"","background-repeat":"repeat","background-position":"center center","background-size":"auto","background-attachment":"scroll","background-type":"","background-media":"","overlay-type":"","overlay-color":"","overlay-opacity":"","overlay-gradient":""},"tablet":{"background-color":"","background-image":"","background-repeat":"repeat","background-position":"center center","background-size":"auto","background-attachment":"scroll","background-type":"","background-media":"","overlay-type":"","overlay-color":"","overlay-opacity":"","overlay-gradient":""},"mobile":{"background-color":"","background-image":"","background-repeat":"repeat","background-position":"center center","background-size":"auto","background-attachment":"scroll","background-type":"","background-media":"","overlay-type":"","overlay-color":"","overlay-opacity":"","overlay-gradient":""}},"ast-content-background-meta":{"desktop":{"background-color":"var(--ast-global-color-5)","background-image":"","background-repeat":"repeat","background-position":"center center","background-size":"auto","background-attachment":"scroll","background-type":"","background-media":"","overlay-type":"","overlay-color":"","overlay-opacity":"","overlay-gradient":""},"tablet":{"background-color":"var(--ast-global-color-5)","background-image":"","background-repeat":"repeat","background-position":"center center","background-size":"auto","background-attachment":"scroll","background-type":"","background-media":"","overlay-type":"","overlay-color":"","overlay-opacity":"","overlay-gradient":""},"mobile":{"background-color":"var(--ast-global-color-5)","background-image":"","background-repeat":"repeat","background-position":"center center","background-size":"auto","background-attachment":"scroll","background-type":"","background-media":"","overlay-type":"","overlay-color":"","overlay-opacity":"","overlay-gradient":""}},"footnotes":""},"class_list":["post-20317","page","type-page","status-publish","has-post-thumbnail","hentry"],"yoast_head":"<!-- This site is optimized with the Yoast SEO plugin v27.1 - https:\/\/yoast.com\/product\/yoast-seo-wordpress\/ -->\n<title>Kulturresan i Dalarna | Verket<\/title>\n<meta name=\"description\" content=\"Kulturresan \u00e4r en resa genom Dalarna med stopp vid nio kulturhistoriska bes\u00f6ksm\u00e5l, d\u00e4r intressanta v\u00e4rldar \u00f6ppnar sig och historiens vingslag kombineras med modernare influenser.\" \/>\n<meta name=\"robots\" content=\"index, follow, max-snippet:-1, max-image-preview:large, max-video-preview:-1\" \/>\n<link rel=\"canonical\" href=\"https:\/\/verket.se\/svenska\/kulturresan\/\" \/>\n<meta property=\"og:locale\" content=\"sv_SE\" \/>\n<meta property=\"og:type\" content=\"article\" \/>\n<meta property=\"og:title\" content=\"Kulturresan i Dalarna | Verket\" \/>\n<meta property=\"og:description\" content=\"Kulturresan \u00e4r en resa genom Dalarna med stopp vid nio kulturhistoriska bes\u00f6ksm\u00e5l, d\u00e4r intressanta v\u00e4rldar \u00f6ppnar sig och historiens vingslag kombineras med modernare influenser.\" \/>\n<meta property=\"og:url\" content=\"https:\/\/verket.se\/svenska\/kulturresan\/\" \/>\n<meta property=\"og:site_name\" content=\"Verket\" \/>\n<meta property=\"article:modified_time\" content=\"2026-03-16T15:20:31+00:00\" \/>\n<meta property=\"og:image\" content=\"https:\/\/verket.se\/wp-content\/uploads\/endelav_crd_blk.jpg\" \/>\n\t<meta property=\"og:image:width\" content=\"800\" \/>\n\t<meta property=\"og:image:height\" content=\"993\" \/>\n\t<meta property=\"og:image:type\" content=\"image\/jpeg\" \/>\n<meta name=\"twitter:card\" content=\"summary_large_image\" \/>\n<meta name=\"twitter:label1\" content=\"Ber\u00e4knad l\u00e4stid\" \/>\n\t<meta name=\"twitter:data1\" content=\"1 minut\" \/>\n<script type=\"application\/ld+json\" class=\"yoast-schema-graph\">{\"@context\":\"https:\/\/schema.org\",\"@graph\":[{\"@type\":\"WebPage\",\"@id\":\"https:\/\/verket.se\/svenska\/kulturresan\/\",\"url\":\"https:\/\/verket.se\/svenska\/kulturresan\/\",\"name\":\"Kulturresan i Dalarna | Verket\",\"isPartOf\":{\"@id\":\"https:\/\/verket.se\/en\/#website\"},\"primaryImageOfPage\":{\"@id\":\"https:\/\/verket.se\/svenska\/kulturresan\/#primaryimage\"},\"image\":{\"@id\":\"https:\/\/verket.se\/svenska\/kulturresan\/#primaryimage\"},\"thumbnailUrl\":\"https:\/\/verket.se\/wp-content\/uploads\/endelav_crd_blk.jpg\",\"datePublished\":\"2025-02-11T15:39:41+00:00\",\"dateModified\":\"2026-03-16T15:20:31+00:00\",\"description\":\"Kulturresan \u00e4r en resa genom Dalarna med stopp vid nio kulturhistoriska bes\u00f6ksm\u00e5l, d\u00e4r intressanta v\u00e4rldar \u00f6ppnar sig och historiens vingslag kombineras med modernare influenser.\",\"breadcrumb\":{\"@id\":\"https:\/\/verket.se\/svenska\/kulturresan\/#breadcrumb\"},\"inLanguage\":\"sv-SE\",\"potentialAction\":[{\"@type\":\"ReadAction\",\"target\":[\"https:\/\/verket.se\/svenska\/kulturresan\/\"]}]},{\"@type\":\"ImageObject\",\"inLanguage\":\"sv-SE\",\"@id\":\"https:\/\/verket.se\/svenska\/kulturresan\/#primaryimage\",\"url\":\"https:\/\/verket.se\/wp-content\/uploads\/endelav_crd_blk.jpg\",\"contentUrl\":\"https:\/\/verket.se\/wp-content\/uploads\/endelav_crd_blk.jpg\",\"width\":800,\"height\":993,\"caption\":\"En del av Kulturresan\"},{\"@type\":\"BreadcrumbList\",\"@id\":\"https:\/\/verket.se\/svenska\/kulturresan\/#breadcrumb\",\"itemListElement\":[{\"@type\":\"ListItem\",\"position\":1,\"name\":\"Hem\",\"item\":\"https:\/\/verket.se\/\"},{\"@type\":\"ListItem\",\"position\":2,\"name\":\"Kulturresan i Dalarna\"}]},{\"@type\":\"WebSite\",\"@id\":\"https:\/\/verket.se\/en\/#website\",\"url\":\"https:\/\/verket.se\/en\/\",\"name\":\"Verket\",\"description\":\"En del av Sveriges historia\",\"publisher\":{\"@id\":\"https:\/\/verket.se\/en\/#organization\"},\"potentialAction\":[{\"@type\":\"SearchAction\",\"target\":{\"@type\":\"EntryPoint\",\"urlTemplate\":\"https:\/\/verket.se\/en\/?s={search_term_string}\"},\"query-input\":{\"@type\":\"PropertyValueSpecification\",\"valueRequired\":true,\"valueName\":\"search_term_string\"}}],\"inLanguage\":\"sv-SE\"},{\"@type\":\"Organization\",\"@id\":\"https:\/\/verket.se\/en\/#organization\",\"name\":\"Verket\",\"url\":\"https:\/\/verket.se\/en\/\",\"logo\":{\"@type\":\"ImageObject\",\"inLanguage\":\"sv-SE\",\"@id\":\"https:\/\/verket.se\/en\/#\/schema\/logo\/image\/\",\"url\":\"https:\/\/www1.verket.se\/wp-content\/uploads\/2016\/08\/verket.png\",\"contentUrl\":\"https:\/\/www1.verket.se\/wp-content\/uploads\/2016\/08\/verket.png\",\"width\":455,\"height\":166,\"caption\":\"Verket\"},\"image\":{\"@id\":\"https:\/\/verket.se\/en\/#\/schema\/logo\/image\/\"}}]}<\/script>\n<!-- \/ Yoast SEO plugin. -->","yoast_head_json":{"title":"Kulturresan i Dalarna | Verket","description":"Kulturresan \u00e4r en resa genom Dalarna med stopp vid nio kulturhistoriska bes\u00f6ksm\u00e5l, d\u00e4r intressanta v\u00e4rldar \u00f6ppnar sig och historiens vingslag kombineras med modernare influenser.","robots":{"index":"index","follow":"follow","max-snippet":"max-snippet:-1","max-image-preview":"max-image-preview:large","max-video-preview":"max-video-preview:-1"},"canonical":"https:\/\/verket.se\/svenska\/kulturresan\/","og_locale":"sv_SE","og_type":"article","og_title":"Kulturresan i Dalarna | Verket","og_description":"Kulturresan \u00e4r en resa genom Dalarna med stopp vid nio kulturhistoriska bes\u00f6ksm\u00e5l, d\u00e4r intressanta v\u00e4rldar \u00f6ppnar sig och historiens vingslag kombineras med modernare influenser.","og_url":"https:\/\/verket.se\/svenska\/kulturresan\/","og_site_name":"Verket","article_modified_time":"2026-03-16T15:20:31+00:00","og_image":[{"width":800,"height":993,"url":"https:\/\/verket.se\/wp-content\/uploads\/endelav_crd_blk.jpg","type":"image\/jpeg"}],"twitter_card":"summary_large_image","twitter_misc":{"Ber\u00e4knad l\u00e4stid":"1 minut"},"schema":{"@context":"https:\/\/schema.org","@graph":[{"@type":"WebPage","@id":"https:\/\/verket.se\/svenska\/kulturresan\/","url":"https:\/\/verket.se\/svenska\/kulturresan\/","name":"Kulturresan i Dalarna | Verket","isPartOf":{"@id":"https:\/\/verket.se\/en\/#website"},"primaryImageOfPage":{"@id":"https:\/\/verket.se\/svenska\/kulturresan\/#primaryimage"},"image":{"@id":"https:\/\/verket.se\/svenska\/kulturresan\/#primaryimage"},"thumbnailUrl":"https:\/\/verket.se\/wp-content\/uploads\/endelav_crd_blk.jpg","datePublished":"2025-02-11T15:39:41+00:00","dateModified":"2026-03-16T15:20:31+00:00","description":"Kulturresan \u00e4r en resa genom Dalarna med stopp vid nio kulturhistoriska bes\u00f6ksm\u00e5l, d\u00e4r intressanta v\u00e4rldar \u00f6ppnar sig och historiens vingslag kombineras med modernare influenser.","breadcrumb":{"@id":"https:\/\/verket.se\/svenska\/kulturresan\/#breadcrumb"},"inLanguage":"sv-SE","potentialAction":[{"@type":"ReadAction","target":["https:\/\/verket.se\/svenska\/kulturresan\/"]}]},{"@type":"ImageObject","inLanguage":"sv-SE","@id":"https:\/\/verket.se\/svenska\/kulturresan\/#primaryimage","url":"https:\/\/verket.se\/wp-content\/uploads\/endelav_crd_blk.jpg","contentUrl":"https:\/\/verket.se\/wp-content\/uploads\/endelav_crd_blk.jpg","width":800,"height":993,"caption":"En del av Kulturresan"},{"@type":"BreadcrumbList","@id":"https:\/\/verket.se\/svenska\/kulturresan\/#breadcrumb","itemListElement":[{"@type":"ListItem","position":1,"name":"Hem","item":"https:\/\/verket.se\/"},{"@type":"ListItem","position":2,"name":"Kulturresan i Dalarna"}]},{"@type":"WebSite","@id":"https:\/\/verket.se\/en\/#website","url":"https:\/\/verket.se\/en\/","name":"Verket","description":"En del av Sveriges historia","publisher":{"@id":"https:\/\/verket.se\/en\/#organization"},"potentialAction":[{"@type":"SearchAction","target":{"@type":"EntryPoint","urlTemplate":"https:\/\/verket.se\/en\/?s={search_term_string}"},"query-input":{"@type":"PropertyValueSpecification","valueRequired":true,"valueName":"search_term_string"}}],"inLanguage":"sv-SE"},{"@type":"Organization","@id":"https:\/\/verket.se\/en\/#organization","name":"Verket","url":"https:\/\/verket.se\/en\/","logo":{"@type":"ImageObject","inLanguage":"sv-SE","@id":"https:\/\/verket.se\/en\/#\/schema\/logo\/image\/","url":"https:\/\/www1.verket.se\/wp-content\/uploads\/2016\/08\/verket.png","contentUrl":"https:\/\/www1.verket.se\/wp-content\/uploads\/2016\/08\/verket.png","width":455,"height":166,"caption":"Verket"},"image":{"@id":"https:\/\/verket.se\/en\/#\/schema\/logo\/image\/"}}]}},"_links":{"self":[{"href":"https:\/\/verket.se\/svenska\/wp-json\/wp\/v2\/pages\/20317","targetHints":{"allow":["GET"]}}],"collection":[{"href":"https:\/\/verket.se\/svenska\/wp-json\/wp\/v2\/pages"}],"about":[{"href":"https:\/\/verket.se\/svenska\/wp-json\/wp\/v2\/types\/page"}],"author":[{"embeddable":true,"href":"https:\/\/verket.se\/svenska\/wp-json\/wp\/v2\/users\/2"}],"replies":[{"embeddable":true,"href":"https:\/\/verket.se\/svenska\/wp-json\/wp\/v2\/comments?post=20317"}],"version-history":[{"count":5,"href":"https:\/\/verket.se\/svenska\/wp-json\/wp\/v2\/pages\/20317\/revisions"}],"predecessor-version":[{"id":25243,"href":"https:\/\/verket.se\/svenska\/wp-json\/wp\/v2\/pages\/20317\/revisions\/25243"}],"wp:featuredmedia":[{"embeddable":true,"href":"https:\/\/verket.se\/svenska\/wp-json\/wp\/v2\/media\/10652"}],"wp:attachment":[{"href":"https:\/\/verket.se\/svenska\/wp-json\/wp\/v2\/media?parent=20317"}],"curies":[{"name":"wp","href":"https:\/\/api.w.org\/{rel}","templated":true}]}}