{"version":"1.0","provider_name":"Verket","provider_url":"https:\/\/verket.se\/svenska","author_name":"Susanne Carlzon","author_url":"https:\/\/verket.se\/svenska\/author\/sussie\/","title":"V\u00e4lkommen till Verket - En del av Sveriges historia","type":"rich","width":600,"height":338,"html":"<blockquote class=\"wp-embedded-content\" data-secret=\"jRPPArlidN\"><a href=\"https:\/\/verket.se\/svenska\/\">V\u00e4lkommen till Verket<\/a><\/blockquote><iframe sandbox=\"allow-scripts\" security=\"restricted\" src=\"https:\/\/verket.se\/svenska\/embed\/#?secret=jRPPArlidN\" width=\"600\" height=\"338\" title=\"\u201dV\u00e4lkommen till Verket\u201d &ndash; Verket\" data-secret=\"jRPPArlidN\" frameborder=\"0\" marginwidth=\"0\" marginheight=\"0\" scrolling=\"no\" class=\"wp-embedded-content\"><\/iframe><script>\n\/*! This file is auto-generated *\/\n!function(d,l){\"use strict\";l.querySelector&&d.addEventListener&&\"undefined\"!=typeof URL&&(d.wp=d.wp||{},d.wp.receiveEmbedMessage||(d.wp.receiveEmbedMessage=function(e){var t=e.data;if((t||t.secret||t.message||t.value)&&!\/[^a-zA-Z0-9]\/.test(t.secret)){for(var s,r,n,a=l.querySelectorAll('iframe[data-secret=\"'+t.secret+'\"]'),o=l.querySelectorAll('blockquote[data-secret=\"'+t.secret+'\"]'),c=new RegExp(\"^https?:$\",\"i\"),i=0;i<o.length;i++)o[i].style.display=\"none\";for(i=0;i<a.length;i++)s=a[i],e.source===s.contentWindow&&(s.removeAttribute(\"style\"),\"height\"===t.message?(1e3<(r=parseInt(t.value,10))?r=1e3:~~r<200&&(r=200),s.height=r):\"link\"===t.message&&(r=new URL(s.getAttribute(\"src\")),n=new URL(t.value),c.test(n.protocol))&&n.host===r.host&&l.activeElement===s&&(d.top.location.href=t.value))}},d.addEventListener(\"message\",d.wp.receiveEmbedMessage,!1),l.addEventListener(\"DOMContentLoaded\",function(){for(var e,t,s=l.querySelectorAll(\"iframe.wp-embedded-content\"),r=0;r<s.length;r++)(t=(e=s[r]).getAttribute(\"data-secret\"))||(t=Math.random().toString(36).substring(2,12),e.src+=\"#?secret=\"+t,e.setAttribute(\"data-secret\",t)),e.contentWindow.postMessage({message:\"ready\",secret:t},\"*\")},!1)))}(window,document);\n\/\/# sourceURL=https:\/\/verket.se\/wp-includes\/js\/wp-embed.min.js\n<\/script>\n","thumbnail_url":"https:\/\/verket.se\/wp-content\/uploads\/verket-sommar-2023-scaled.jpg","thumbnail_width":2560,"thumbnail_height":1152,"description":"Bruket i Avesta \u00e4r ett industriarv av riksintresse. Det \u00e4r en ovanligt komplett j\u00e4rnbruksanl\u00e4ggning, \u00e4ven i internationellt perspektiv. H\u00e4r finns idag museet Verket d\u00e4r film, ljud och teknologi p\u00e5 ett lekfullt s\u00e4tt g\u00f6r g\u00e5rdagens verklighet gripbar och bes\u00f6kare kan f\u00f6lja j\u00e4rnmalmens v\u00e4g till j\u00e4rn och st\u00e5l. Under sommartid arrangeras samtidskonstutst\u00e4llningen Avesta Art."}